{"id":161,"date":"2020-01-21T11:40:09","date_gmt":"2020-01-21T10:40:09","guid":{"rendered":"https:\/\/www.maria-lamp.de\/?page_id=161"},"modified":"2026-04-28T13:04:29","modified_gmt":"2026-04-28T11:04:29","slug":"aktuell","status":"publish","type":"page","link":"https:\/\/www.maria-lamp.de\/en\/","title":{"rendered":"News"},"content":{"rendered":"<h2>2026<\/h2>\n\n\n\n<p>One of my portraits was featured in the SZ and the FAZ in March. The portrait is scheduled to be auctioned alongside other artworks from the R\u00f6bbig art dealership at Sotheby\u2019s in Paris. <\/p>\n\n\n\n<figure class=\"wp-block-image size-large\"><img decoding=\"async\" loading=\"lazy\" width=\"1024\" height=\"677\" src=\"https:\/\/www.maria-lamp.de\/wp-content\/uploads\/2026\/03\/SZ_FAZ_Artikel_Reyes-1024x677.jpg\" alt=\"\" class=\"wp-image-1513\" srcset=\"https:\/\/www.maria-lamp.de\/wp-content\/uploads\/2026\/03\/SZ_FAZ_Artikel_Reyes-1024x677.jpg 1024w, https:\/\/www.maria-lamp.de\/wp-content\/uploads\/2026\/03\/SZ_FAZ_Artikel_Reyes-300x198.jpg 300w, https:\/\/www.maria-lamp.de\/wp-content\/uploads\/2026\/03\/SZ_FAZ_Artikel_Reyes-768x508.jpg 768w, https:\/\/www.maria-lamp.de\/wp-content\/uploads\/2026\/03\/SZ_FAZ_Artikel_Reyes-1536x1015.jpg 1536w, https:\/\/www.maria-lamp.de\/wp-content\/uploads\/2026\/03\/SZ_FAZ_Artikel_Reyes-2048x1354.jpg 2048w, https:\/\/www.maria-lamp.de\/wp-content\/uploads\/2026\/03\/SZ_FAZ_Artikel_Reyes-18x12.jpg 18w\" sizes=\"(max-width: 1024px) 100vw, 1024px\" \/><figcaption class=\"wp-element-caption\">S\u00fcddeutsche Zeitung, 11. M\u00e4rz 2026 <a href=\"https:\/\/www.sueddeutsche.de\/muenchen\/alfredo-reyes-insolvenz-auktion-sotheby-muenchen-porzellan-li.3448306?reduced=true\">To the article<\/a> &nbsp;&nbsp;&nbsp;&nbsp;&nbsp;&nbsp;    Frankfurter Allgemeine Zeitung, 16. M\u00e4rz 2026 <a href=\"https:\/\/www.faz.net\/aktuell\/feuilleton\/kunstmarkt\/sotheby-s-versteigert-meissener-porzellan-aus-insolventer-kunsthandlung-roebbig-110854588.html\">To the article<\/a><\/figcaption><\/figure>\n\n\n\n<h2>3D-Onlineausstellung: Portrait \u00b7 Akt \u00b7 Landschaft<span class=\"tadv-color\" style=\"color:#f32ec2\"><\/span><\/h2>\n\n\n\n<p><a href=\"https:\/\/artspaces.kunstmatrix.com\/en\/exhibition\/11503761\/maria-rosina-lamp\"><strong>Click here to enter the exhibition<\/strong>.<\/a><\/p>\n\n\n\n<figure class=\"wp-block-image size-large\"><a href=\"https:\/\/artspaces.kunstmatrix.com\/en\/exhibition\/11503761\/maria-rosina-lamp\"><img decoding=\"async\" loading=\"lazy\" width=\"1024\" height=\"460\" src=\"https:\/\/www.maria-lamp.de\/wp-content\/uploads\/2024\/01\/3D-Ausstellung_Maria-1024x460.jpg\" alt=\"\" class=\"wp-image-1134\" srcset=\"https:\/\/www.maria-lamp.de\/wp-content\/uploads\/2024\/01\/3D-Ausstellung_Maria-1024x460.jpg 1024w, https:\/\/www.maria-lamp.de\/wp-content\/uploads\/2024\/01\/3D-Ausstellung_Maria-300x135.jpg 300w, https:\/\/www.maria-lamp.de\/wp-content\/uploads\/2024\/01\/3D-Ausstellung_Maria-768x345.jpg 768w, https:\/\/www.maria-lamp.de\/wp-content\/uploads\/2024\/01\/3D-Ausstellung_Maria-18x8.jpg 18w, https:\/\/www.maria-lamp.de\/wp-content\/uploads\/2024\/01\/3D-Ausstellung_Maria.jpg 1250w\" sizes=\"(max-width: 1024px) 100vw, 1024px\" \/><\/a><\/figure>\n\n\n\n<figure class=\"wp-block-image size-large\"><img decoding=\"async\" loading=\"lazy\" width=\"1024\" height=\"826\" src=\"https:\/\/www.maria-lamp.de\/wp-content\/uploads\/2025\/09\/Einladung-PlasticPhantastic_3digital-1024x826.jpg\" alt=\"\" class=\"wp-image-1405\" srcset=\"https:\/\/www.maria-lamp.de\/wp-content\/uploads\/2025\/09\/Einladung-PlasticPhantastic_3digital-1024x826.jpg 1024w, https:\/\/www.maria-lamp.de\/wp-content\/uploads\/2025\/09\/Einladung-PlasticPhantastic_3digital-300x242.jpg 300w, https:\/\/www.maria-lamp.de\/wp-content\/uploads\/2025\/09\/Einladung-PlasticPhantastic_3digital-768x619.jpg 768w, https:\/\/www.maria-lamp.de\/wp-content\/uploads\/2025\/09\/Einladung-PlasticPhantastic_3digital-15x12.jpg 15w, https:\/\/www.maria-lamp.de\/wp-content\/uploads\/2025\/09\/Einladung-PlasticPhantastic_3digital.jpg 1250w\" sizes=\"(max-width: 1024px) 100vw, 1024px\" \/><\/figure>\n\n\n\n<figure class=\"wp-block-image size-large\"><img decoding=\"async\" loading=\"lazy\" width=\"1024\" height=\"724\" src=\"https:\/\/www.maria-lamp.de\/wp-content\/uploads\/2025\/08\/Einladung-Emotional-E-1024x724.jpg\" alt=\"\" class=\"wp-image-1397\" srcset=\"https:\/\/www.maria-lamp.de\/wp-content\/uploads\/2025\/08\/Einladung-Emotional-E-1024x724.jpg 1024w, https:\/\/www.maria-lamp.de\/wp-content\/uploads\/2025\/08\/Einladung-Emotional-E-300x212.jpg 300w, https:\/\/www.maria-lamp.de\/wp-content\/uploads\/2025\/08\/Einladung-Emotional-E-768x543.jpg 768w, https:\/\/www.maria-lamp.de\/wp-content\/uploads\/2025\/08\/Einladung-Emotional-E-18x12.jpg 18w, https:\/\/www.maria-lamp.de\/wp-content\/uploads\/2025\/08\/Einladung-Emotional-E.jpg 1280w\" sizes=\"(max-width: 1024px) 100vw, 1024px\" \/><\/figure>\n\n\n\n<figure class=\"wp-block-image size-large\"><img decoding=\"async\" loading=\"lazy\" width=\"576\" height=\"1024\" src=\"https:\/\/www.maria-lamp.de\/wp-content\/uploads\/2025\/06\/Format-story-muisca-2025-2026-2-576x1024.jpg\" alt=\"\" class=\"wp-image-1359\" srcset=\"https:\/\/www.maria-lamp.de\/wp-content\/uploads\/2025\/06\/Format-story-muisca-2025-2026-2-576x1024.jpg 576w, https:\/\/www.maria-lamp.de\/wp-content\/uploads\/2025\/06\/Format-story-muisca-2025-2026-2-169x300.jpg 169w, https:\/\/www.maria-lamp.de\/wp-content\/uploads\/2025\/06\/Format-story-muisca-2025-2026-2-768x1365.jpg 768w, https:\/\/www.maria-lamp.de\/wp-content\/uploads\/2025\/06\/Format-story-muisca-2025-2026-2-864x1536.jpg 864w, https:\/\/www.maria-lamp.de\/wp-content\/uploads\/2025\/06\/Format-story-muisca-2025-2026-2-7x12.jpg 7w, https:\/\/www.maria-lamp.de\/wp-content\/uploads\/2025\/06\/Format-story-muisca-2025-2026-2.jpg 1080w\" sizes=\"(max-width: 576px) 100vw, 576px\" \/><\/figure>\n\n\n\n<h4>CYCLES ET TRANSFIGURATIONS<br>Gemeinschaftsausstellung in &#8222;<strong>The Muisca&#8220;,  einer Galerie f\u00fcr zeitgen\u00f6ssische Kunst im Marais-Viertel von Paris<\/strong>. <\/h4>\n\n\n\n<p><strong>Vernissage:<\/strong> 21. Juni 2025 von 18:00 bis 22:00 Uhr.<br><strong>Ausstellung:<\/strong> vom 21. &#8211; 30. Juni, THE MUISCA ART SPACE, 8 rue d\u2019ormesson &#8211; Le Marais, 75004 Paris, France<\/p>\n\n\n\n<p>Sechs K\u00fcnstlerinnen und K\u00fcnstler \u2013 Catherine Gioria, Maria Coutinho, Angelica Keiskei, Ivan J. Jim\u00e9nez Brunel, Maria Rosina Lamp und Cassandre Santenac \u2013 erforschen das Thema der Transformation in intimen, kraftvollen und zutiefst menschlichen Werken.<\/p>\n\n\n\n<p>Die Ausstellung bietet eine Reise durch Materialien, Gesten und Identit\u00e4ten, zwischen fragilem Gleichgewicht und selbstbewusster Vitalit\u00e4t.<\/p>\n\n\n\n<figure class=\"wp-block-image size-large\"><img decoding=\"async\" loading=\"lazy\" width=\"1024\" height=\"724\" src=\"https:\/\/www.maria-lamp.de\/wp-content\/uploads\/2025\/04\/Einladung-Evolution-Fluide-1024x724.jpg\" alt=\"\" class=\"wp-image-1331\" srcset=\"https:\/\/www.maria-lamp.de\/wp-content\/uploads\/2025\/04\/Einladung-Evolution-Fluide-1024x724.jpg 1024w, https:\/\/www.maria-lamp.de\/wp-content\/uploads\/2025\/04\/Einladung-Evolution-Fluide-300x212.jpg 300w, https:\/\/www.maria-lamp.de\/wp-content\/uploads\/2025\/04\/Einladung-Evolution-Fluide-768x543.jpg 768w, https:\/\/www.maria-lamp.de\/wp-content\/uploads\/2025\/04\/Einladung-Evolution-Fluide-18x12.jpg 18w, https:\/\/www.maria-lamp.de\/wp-content\/uploads\/2025\/04\/Einladung-Evolution-Fluide.jpg 1280w\" sizes=\"(max-width: 1024px) 100vw, 1024px\" \/><\/figure>\n\n\n\n<h4>\u00c9VOLUTION FLUIDE<br>Gemeinschaftsausstellung in &#8222;<strong>The Muisca&#8220;,  einer Galerie f\u00fcr zeitgen\u00f6ssische Kunst im Marais-Viertel von Paris<\/strong>. <br>Paulo de Brito, Maria Coutinho, Maria Rosina Lamp, Ieva Liaugaudait\u00e9<\/h4>\n\n\n\n<p><strong>Vernissage:<\/strong> 17. April 2025 von 18:00 bis 21:00 Uhr.<br><strong>Ausstellung:<\/strong> vom 16. &#8211; 30. April, THE MUISCA ART SPACE, 8 rue d\u2019ormesson &#8211; Le Marais, 75004 Paris, France<\/p>\n\n\n\n<p><strong>\u00c9VOLUTION FLUIDE<\/strong> vereint vier K\u00fcnstler, deren Universen sich voneinander unterscheiden, die jedoch von der gleichen Sensibilit\u00e4t f\u00fcr Bewegung, Transformation und lebende Materie angetrieben werden. Ihre Werke interagieren in einem Raum, in dem Form, Farbe und Textur zu Vektoren einer poetischen Metamorphose werden.<br>Zwischen sensiblen Gesten, zweckentfremdeten Materialien und inneren Einblicken ist \u00c9VOLUTION FLUIDE eine poetische Reise durch die unaufh\u00f6rliche Bewegung der Sch\u00f6pfung, wo jedes Werk zur Spur eines \u00dcbergangs, einer Transformation und einer Neuerfindung wird.<\/p>\n\n\n\n<p>In den Werken der K\u00fcnstlerin <strong>MARIA ROSINA LAMP<\/strong> wird der menschliche K\u00f6rper zum Ort der inneren Resonanz. Mit \u00d6l, Aquarell, Pastell oder Bleistift f\u00e4ngt sie die lebendige Stille des Aktes ein, seine zerbrechliche und zugleich starke Pr\u00e4senz, in einer Figuration, die Pr\u00e4zision, Sanftheit und Innerlichkeit vereint. Ihr zarter Pinselstrich mag an den Stil der Impressionisten wie Berthe Morisot oder Mary Cassatt erinnern, die Motive darstellten, die damals als &#8222;feminin&#8220; bezeichnet wurden.<\/p>\n\n\n\n<p>Die Verwendung von Jute war in den Werken von K\u00fcnstlern wie Ibrahim Mahama pr\u00e4sent, um Themen zu erforschen, die mit Konsum zu tun haben. Bei <strong>PAULO DE BRITO<\/strong> sind es allt\u00e4gliche, oft vergessene Gegenst\u00e4nde, die zu neuem Leben erweckt werden. Von ihrem urspr\u00fcnglichen Zweck entfremdet, erz\u00e4hlen sie eine andere Geschichte, befreit von ihrer Funktion, um Tr\u00e4ger von Emotionen, Spannung oder Humor zu werden. Seine Arbeit, die zwischen Assemblage, Malerei und Skulptur angesiedelt ist, feiert die Spannung zwischen Werden und Vergehen.<\/p>\n\n\n\n<p><strong>MARIA COUTINHO<\/strong> erkundet mit ihrer Serie La flore (Die Flora) die Begegnung zwischen Natur und Kunst in einem puristischen Ansatz. Auf wei\u00dfem Papier schwingen Linien flie\u00dfend zwischen Licht und Schatten. F\u00fcr sie \u201ewird das Papier neutral, um die Materie und die Formen in den Vordergrund zu stellen\u201c, in einem Schwung, in dem die Natur selbst zum K\u00fcnstler wird. Ihre Werke k\u00f6nnen an den Ansatz der US-amerikanischen K\u00fcnstlerin Helen Frankenthaler erinnern, einer wichtigen Figur des abstrakten Expressionismus.<\/p>\n\n\n\n<p><strong>IEVA LIAUGAUDAITE<\/strong>s k\u00fcnstlerischer Ansatz materialisiert das Konzept des Flie\u00dfens, indem sie sich von ihrer Praxis, ihrer Verbindung und ihrer Kontemplation des Tangos inspirieren l\u00e4sst. Sie ist auch von der asiatischen Kalligraphie und der spontanen Tuschemalerei beeinflusst. Sie fertigt ihre Werke mit geschlossenen Augen an und folgt dem Schwung ihrer Hand, so wie man beim Tanzen dem Schwung des K\u00f6rpers folgt.<\/p>\n\n\n\n<p>\u00c9volution fluide ist eine Einladung, das wahrzunehmen, was sich ver\u00e4ndert, was vibriert, was sich verwandelt, sowohl in der Materie als auch in der Seele.<\/p>\n\n\n\n<p>Willkommen bei \u00c9VOLUTION FLUIDE.<\/p>\n\n\n\n<h2><strong>Audience award (2nd place) at the annual exhibition<\/strong><\/h2>\n\n\n\n<p class=\"translation-block\">During the annual exhibition of the Kunstverein Starnberg from November 6-13, 2024 with the theme \"Crazy Times\", three audience prizes were awarded by a vote of the visitors. I am delighted to have been awarded the second prize! I hadn't expected this, as my works are very \"special\". One of my latest paintings and an installation were exhibited: \n\"Pygmalia and Galateo\" and \"Venus of the Bags\".<\/p>\n\n\n\n<figure class=\"wp-block-image size-large\"><img decoding=\"async\" loading=\"lazy\" width=\"1024\" height=\"910\" src=\"https:\/\/www.maria-lamp.de\/wp-content\/uploads\/2026\/04\/Pygmalia-1024x910.jpg\" alt=\"\" class=\"wp-image-1533\" srcset=\"https:\/\/www.maria-lamp.de\/wp-content\/uploads\/2026\/04\/Pygmalia-1024x910.jpg 1024w, https:\/\/www.maria-lamp.de\/wp-content\/uploads\/2026\/04\/Pygmalia-300x267.jpg 300w, https:\/\/www.maria-lamp.de\/wp-content\/uploads\/2026\/04\/Pygmalia-768x683.jpg 768w, https:\/\/www.maria-lamp.de\/wp-content\/uploads\/2026\/04\/Pygmalia-14x12.jpg 14w, https:\/\/www.maria-lamp.de\/wp-content\/uploads\/2026\/04\/Pygmalia.jpg 1250w\" sizes=\"(max-width: 1024px) 100vw, 1024px\" \/><figcaption class=\"wp-element-caption\">Schlossberghalle Starnberg anl\u00e4\u00dflich der Verleihung des Publikumspreises.<\/figcaption><\/figure>\n\n\n\n<p><\/p>\n\n\n\n<h2>BBK-Galerie im Glaspalast: Connected IV \/ Die Zuversicht <\/h2>\n\n\n\n<figure class=\"wp-block-image size-large\"><img decoding=\"async\" loading=\"lazy\" width=\"1024\" height=\"810\" src=\"https:\/\/www.maria-lamp.de\/wp-content\/uploads\/2024\/10\/24_ImBilde_BBK_Oktober-9-1024x810.jpg\" alt=\"\" class=\"wp-image-1260\" srcset=\"https:\/\/www.maria-lamp.de\/wp-content\/uploads\/2024\/10\/24_ImBilde_BBK_Oktober-9-1024x810.jpg 1024w, https:\/\/www.maria-lamp.de\/wp-content\/uploads\/2024\/10\/24_ImBilde_BBK_Oktober-9-300x237.jpg 300w, https:\/\/www.maria-lamp.de\/wp-content\/uploads\/2024\/10\/24_ImBilde_BBK_Oktober-9-768x607.jpg 768w, https:\/\/www.maria-lamp.de\/wp-content\/uploads\/2024\/10\/24_ImBilde_BBK_Oktober-9-1536x1214.jpg 1536w, https:\/\/www.maria-lamp.de\/wp-content\/uploads\/2024\/10\/24_ImBilde_BBK_Oktober-9-2048x1619.jpg 2048w, https:\/\/www.maria-lamp.de\/wp-content\/uploads\/2024\/10\/24_ImBilde_BBK_Oktober-9-15x12.jpg 15w\" sizes=\"(max-width: 1024px) 100vw, 1024px\" \/><\/figure>\n\n\n\n<p>Die DeMUT vor dem Leben macht nicht zu &#8211; die Sicht. Ist Zuversicht. Den Boden spu\u0308ren, die Luft atmen, die Augen \u00f6ffnen. Sehen wie stets der Fru\u0308hling kommt, wenn der Winter noch so kalt ist. Doch, in scheinbar erfrorenen \u00c4sten das Leben pulsiert. Wie positiv. Alles kann sein. B\u00e4ume anfassen. Dummheit ist tempor\u00e4r. Die Klugheit des Lebens u\u0308berwiegt. Mit oder ohne Glauben. Setzt der Mensch nicht den Punkt, ist sein Wort nicht das Letzte. Verbrannte Erde wird fruchtbarer Boden sein. (Verena Blunck-Mader)<\/p>\n\n\n\n<p>Mit diesen Themen setzen sich die Ku\u0308nstlerinnen und K\u00fcnstler in verschiedenen ku\u0308nstlerischen Disziplinen auseinander. <strong>Ausstellung:<\/strong> 13. September bis 13. Oktober 2024. <br><strong>BBK-Galerie im Glaspalast<\/strong> \u00b7 2. Stock \u00b7 Beim Glaspalast 1 \u00b7 86153 Augsburg<\/p>\n\n\n\n<p><strong>BBK Schwaben Nord und Augsburg: \u00dcberregionale\/Internationale Ausschreibung<\/strong>.<br><strong><strong>Teilnehmende K\u00fcnstlerinnen und K\u00fcnstler <\/strong><\/strong>(ausgew\u00e4hlt aus \u00fcber 70 Einreichungen):<strong> <\/strong>Adidal Abou-Chamat \u00b7 Rudolf Beutinger \/ Gudrun Staiger \u00b7 Verena Blunck-Mader \u00b7 Dorothea Dudek<strong> <\/strong>\u00b7 Maximilian Gessler \u00b7 Jaeeun Jung \u00b7 Rainer Kaiser \u00b7 Georg Kleber \u00b7 <strong>Maria Rosina Lamp<\/strong> \u00b7 Gitta Pielke \u00b7 Sarah Schrof<\/p>\n\n\n\n<figure class=\"wp-block-image size-large\"><img decoding=\"async\" loading=\"lazy\" width=\"1024\" height=\"553\" src=\"https:\/\/www.maria-lamp.de\/wp-content\/uploads\/2024\/09\/EIN_Connected_IV-1-1024x553.jpg\" alt=\"\" class=\"wp-image-1210\" srcset=\"https:\/\/www.maria-lamp.de\/wp-content\/uploads\/2024\/09\/EIN_Connected_IV-1-1024x553.jpg 1024w, https:\/\/www.maria-lamp.de\/wp-content\/uploads\/2024\/09\/EIN_Connected_IV-1-300x162.jpg 300w, https:\/\/www.maria-lamp.de\/wp-content\/uploads\/2024\/09\/EIN_Connected_IV-1-768x415.jpg 768w, https:\/\/www.maria-lamp.de\/wp-content\/uploads\/2024\/09\/EIN_Connected_IV-1-18x10.jpg 18w, https:\/\/www.maria-lamp.de\/wp-content\/uploads\/2024\/09\/EIN_Connected_IV-1.jpg 1250w\" sizes=\"(max-width: 1024px) 100vw, 1024px\" \/><\/figure>\n\n\n\n<h2><\/h2>\n\n\n\n<p><\/p>\n\n\n\n<p><\/p>","protected":false},"excerpt":{"rendered":"<p>2026 Eines meiner Portraits wurde im M\u00e4rz in der SZ und in der FAZ abgebildet. Das Portrait soll mit anderen Kunstgegenst\u00e4nden der Kunsthandlung R\u00f6bbig bei Sotheby&#8217;s in Paris versteigert werden. 3D-Onlineausstellung: Portrait \u00b7 Akt \u00b7 Landschaft Zur Ausstellung hier klicken und eintreten. CYCLES ET TRANSFIGURATIONSGemeinschaftsausstellung in &#8222;The Muisca&#8220;, einer Galerie f\u00fcr zeitgen\u00f6ssische Kunst im Marais-Viertel&hellip;<\/p>","protected":false},"author":1,"featured_media":0,"parent":0,"menu_order":0,"comment_status":"closed","ping_status":"closed","template":"","meta":{"content-type":"","_mo_disable_npp":""},"_links":{"self":[{"href":"https:\/\/www.maria-lamp.de\/en\/wp-json\/wp\/v2\/pages\/161"}],"collection":[{"href":"https:\/\/www.maria-lamp.de\/en\/wp-json\/wp\/v2\/pages"}],"about":[{"href":"https:\/\/www.maria-lamp.de\/en\/wp-json\/wp\/v2\/types\/page"}],"author":[{"embeddable":true,"href":"https:\/\/www.maria-lamp.de\/en\/wp-json\/wp\/v2\/users\/1"}],"replies":[{"embeddable":true,"href":"https:\/\/www.maria-lamp.de\/en\/wp-json\/wp\/v2\/comments?post=161"}],"version-history":[{"count":341,"href":"https:\/\/www.maria-lamp.de\/en\/wp-json\/wp\/v2\/pages\/161\/revisions"}],"predecessor-version":[{"id":1534,"href":"https:\/\/www.maria-lamp.de\/en\/wp-json\/wp\/v2\/pages\/161\/revisions\/1534"}],"wp:attachment":[{"href":"https:\/\/www.maria-lamp.de\/en\/wp-json\/wp\/v2\/media?parent=161"}],"curies":[{"name":"wp","href":"https:\/\/api.w.org\/{rel}","templated":true}]}}